{"id":23,"date":"2024-02-16T12:54:39","date_gmt":"2024-02-16T11:54:39","guid":{"rendered":"https:\/\/prodisf.fr\/crcdc\/?page_id=23"},"modified":"2025-11-19T10:54:40","modified_gmt":"2025-11-19T09:54:40","slug":"espace-partenaire","status":"publish","type":"page","link":"https:\/\/www.depistage-cancer.fr\/centre\/espace-partenaire\/","title":{"rendered":"Espace partenaire"},"content":{"rendered":"\n<p>Le CRCDC a pour mission la promotion des programmes de d\u00e9pistage organis\u00e9 des cancers.<\/p>\n\n\n\n<p>Il m\u00e8ne en lien avec les partenaires, acteurs locaux et acteurs institutionnels, des actions de lutte contre les in\u00e9galit\u00e9s d\u2019acc\u00e8s et de recours au d\u00e9pistage, notamment par la sensibilisation des populations cibl\u00e9es dans le cadre d\u2019actions d\u2019aller-vers.<\/p>\n\n\n\n<p>Le CRCDC&nbsp;:<\/p>\n\n\n\n<ul class=\"wp-block-list\">\n<li>identifie des partenaires susceptibles de participer aux op\u00e9rations d\u2019aller vers les publics cibles d\u00e9termin\u00e9s par les diagnostics territoriaux&nbsp;;<\/li>\n\n\n\n<li>participe aux actions d\u2019aller-vers envisag\u00e9es aupr\u00e8s de groupes de populations cibles, avec les partenaires identifi\u00e9s ;<\/li>\n\n\n\n<li>\u00e9value les actions qu\u2019il m\u00e8ne en termes de r\u00e9duction des in\u00e9galit\u00e9s d\u2019acc\u00e8s et de recours au d\u00e9pistage et\/ou de r\u00e9duction des in\u00e9galit\u00e9s de sant\u00e9.<\/li>\n<\/ul>\n\n\n\n<p>En compl\u00e9ment les organismes d\u2019assurance maladie conduisent des actions d\u2019aller-vers individuelles, notamment des appels t\u00e9l\u00e9phoniques de relance (\u00abappels sortants\u00bb) pour les personnes n\u2019ayant pas r\u00e9alis\u00e9 leur d\u00e9pistage apr\u00e8s plusieurs relances. Ces appels sont prioritairement orient\u00e9s vers les personnes \u00e9loign\u00e9es du syst\u00e8me de soins.<\/p>\n\n\n\n<p><strong>\u00ab&nbsp;Le CRCDC participe \u00e0 d\u00e9livrer une information loyale, claire et appropri\u00e9e sur les programmes de d\u00e9pistage organis\u00e9 permettant une d\u00e9cision libre et \u00e9clair\u00e9e des personnes sur le choix de participer ou non.&nbsp;\u00bb<\/strong><\/p>\n\n\n\n<hr class=\"wp-block-separator has-alpha-channel-opacity\"\/>\n\n\n\n<h2 class=\"wp-block-heading\">Notre \u00e9quipe<\/h2>\n\n\n\n<p>Au sein du CRCDC-CVL, une charg\u00e9e de pr\u00e9vention et de sant\u00e9 publique est en charge de la promotion des programmes de d\u00e9pistage par d\u00e9partement.<\/p>\n\n\n\n<div style=\"height:48px\" aria-hidden=\"true\" class=\"wp-block-spacer\"><\/div>\n\n\n<div class=\"wp-block-image\">\n<figure class=\"aligncenter size-full\"><img decoding=\"async\" width=\"640\" height=\"480\" data-src=\"https:\/\/www.depistage-cancer.fr\/centre\/wp-content\/uploads\/2024\/04\/EquipeCPSP.webp\" alt=\"\" class=\"wp-image-2331 lazyload\" style=\"--smush-placeholder-width: 640px; --smush-placeholder-aspect-ratio: 640\/480;aspect-ratio:16\/9;object-fit:cover\" data-srcset=\"https:\/\/www.depistage-cancer.fr\/centre\/wp-content\/uploads\/2024\/04\/EquipeCPSP.webp 640w, https:\/\/www.depistage-cancer.fr\/centre\/wp-content\/uploads\/2024\/04\/EquipeCPSP-300x225.webp 300w\" data-sizes=\"(max-width: 640px) 100vw, 640px\" src=\"data:image\/svg+xml;base64,PHN2ZyB3aWR0aD0iMSIgaGVpZ2h0PSIxIiB4bWxucz0iaHR0cDovL3d3dy53My5vcmcvMjAwMC9zdmciPjwvc3ZnPg==\" \/><figcaption class=\"wp-element-caption\">De gauche \u00e0 droite : Christelle Busloup (28), Magali Gobin (36), Savine Moreau (45), Marine Petibon (37), Aur\u00e9lie Chanquoy (18), Karine Vaillant (41).<\/figcaption><\/figure>\n<\/div>\n\n\n<p>Les charg\u00e9es de pr\u00e9vention et de sant\u00e9 publique sont vos interlocutrices privil\u00e9gi\u00e9es au CRCDC pour la mise en place d\u2019action de pr\u00e9vention dans votre structure\/territoire, obtenir de la documentation\u2026<\/p>\n\n\n\n<div class=\"wp-block-buttons is-layout-flex wp-block-buttons-is-layout-flex\">\n<div class=\"wp-block-button\"><a class=\"wp-block-button__link wp-element-button\" href=\"https:\/\/www.depistage-cancer.fr\/centre\/contact\/#partenaire\">Contactez une charg\u00e9e de pr\u00e9vention<\/a><\/div>\n<\/div>\n\n\n\n<div style=\"height:48px\" aria-hidden=\"true\" class=\"wp-block-spacer\"><\/div>\n\n\n\n<h2 class=\"wp-block-heading\">Nos actions<\/h2>\n\n\n\n<p>Les actions de promotion des programmes de d\u00e9pistage sont men\u00e9es par les charg\u00e9es de pr\u00e9vention et de sant\u00e9 publique du CRCDC. Ces actions sont financ\u00e9es par l\u2019ARS.<\/p>\n\n\n\n<hr class=\"wp-block-separator has-alpha-channel-opacity\"\/>\n\n\n\n<h3 class=\"wp-block-heading\">Professionnel de sant\u00e9<\/h3>\n\n\n\n<p>Vous \u00eates professionnel de sant\u00e9&nbsp;(m\u00e9decin, sage-femme, pharmacien,&#8230;), \u00e9tablissement de formation de futurs professionnels de sant\u00e9 (IDE, AS, assistants m\u00e9dicaux\u2026), coordonnateur de CPTS\u2026&nbsp;?<\/p>\n\n\n\n<p>Les charg\u00e9es de pr\u00e9vention peuvent&nbsp;:<\/p>\n\n\n\n<ul class=\"wp-block-list\">\n<li>organiser une formation aupr\u00e8s des \u00e9tudiants ou du personnel de votre \u00e9tablissement<\/li>\n\n\n\n<li>r\u00e9pondre \u00e0 vos interrogations par t\u00e9l\u00e9phone ou sur rendez-vous au sein de votre \u00e9tablissement\/cabinet m\u00e9dical&nbsp;: actualit\u00e9s des programmes de d\u00e9pistage, les strat\u00e9gies de d\u00e9pistage en fonction du niveau de risque, les b\u00e9n\u00e9fices et limites du d\u00e9pistage<\/li>\n\n\n\n<li>vous transmettre des outils d\u2019aide \u00e0 la pratique&nbsp;: installation du module d\u2019\u00e9ligibilit\u00e9, fiches m\u00e9mo\u2026<\/li>\n<\/ul>\n\n\n\n<p><strong>En 2023, 544 \u00e9tudiants dans le domaine sanitaire ont re\u00e7u une formation par le CRCDC sur les programmes de d\u00e9pistage organis\u00e9s des cancers dans la r\u00e9gion Centre-Val de Loire.<\/strong><\/p>\n\n\n\n<div style=\"height:24px\" aria-hidden=\"true\" class=\"wp-block-spacer\"><\/div>\n\n\n\n<hr class=\"wp-block-separator has-alpha-channel-opacity\"\/>\n\n\n\n<h3 class=\"wp-block-heading\">Professionnel du secteur handicap<\/h3>\n\n\n\n<p>Vous \u00eates professionnel du secteur du handicap&nbsp;: ESAT, foyers de vie, foyer d\u2019h\u00e9bergement, FAM\/MAS, GEM\u2026&nbsp;?<\/p>\n\n\n\n<p>Les charg\u00e9es de pr\u00e9vention peuvent former les professionnels des \u00e9tablissements, participer \u00e0 lever les freins identifi\u00e9s pour que les d\u00e9pistages puissent \u00eatre propos\u00e9s au public pris en charge, intervenir directement aupr\u00e8s du public sous forme d\u2019atelier de sensibilisation avec des outils adapt\u00e9s (FALC).<\/p>\n\n\n\n<p><strong>En 2023, 13 actions ont \u00e9t\u00e9 men\u00e9es en partenariat avec des professionnels du handicap sur la r\u00e9gion Centre-Val de Loire.<\/strong><\/p>\n\n\n\n<p>Lien vers les actualit\u00e9s des <a href=\"https:\/\/www.depistage-cancer.fr\/centre\/2024\/10\/02\/les-pep-18-sengagent-dans-le-depistage-organise-apres-de-leurs-travailleurs-en-situation-de-handicap\/\">PEP 18<\/a><\/p>\n\n\n\n<p>Lien vers la fiche action &#8211; <a href=\"https:\/\/www.depistage-cancer.fr\/centre\/wp-content\/uploads\/2025\/11\/FICHE-ACTION-ESAT_2025.pdf\" target=\"_blank\" rel=\"noreferrer noopener\">Intervention aupr\u00e8s de travailleurs en ESAT<\/a><\/p>\n\n\n\n<div style=\"height:24px\" aria-hidden=\"true\" class=\"wp-block-spacer\"><\/div>\n\n\n\n<p style=\"font-style:normal;font-weight:700\"><\/p>\n\n\n\n<hr class=\"wp-block-separator has-alpha-channel-opacity\"\/>\n\n\n\n<h3 class=\"wp-block-heading\">Acteur du secteur social<\/h3>\n\n\n\n<p>Vous \u00eates acteur du secteur social&nbsp;: \u00e9piceries sociales, r\u00e9gies de quartiers, CCAS, CHRS, association en lien avec les gens du voyage, structures d\u2019insertion professionnelle\u2026 ?<\/p>\n\n\n\n<p>Les charg\u00e9es de pr\u00e9vention peuvent se d\u00e9placer au sein de votre structure pour sensibiliser votre public aux programmes de d\u00e9pistage par exemple en menant des ateliers en petits groupes \u00e0 l\u2019aide d\u2019outils \u00e9labor\u00e9s sp\u00e9cifiquement pour ce type d\u2019action.<\/p>\n\n\n\n<div style=\"height:24px\" aria-hidden=\"true\" class=\"wp-block-spacer\"><\/div>\n\n\n\n<hr class=\"wp-block-separator has-alpha-channel-opacity\"\/>\n\n\n\n<h3 class=\"wp-block-heading\">Entreprise<\/h3>\n\n\n\n<p>Vous travaillez au sein d\u2019une entreprise et souhaitez sensibiliser les salari\u00e9s aux d\u00e9pistages des cancers&nbsp;?<\/p>\n\n\n\n<p>Les charg\u00e9es de pr\u00e9vention peuvent intervenir au sein de votre entreprise sous forme d\u2019atelier ou de rendez-vous individuel pour r\u00e9pondre aux questions de fa\u00e7on personnalis\u00e9e et confidentielle.<\/p>\n\n\n\n<div style=\"height:36px\" aria-hidden=\"true\" class=\"wp-block-spacer\"><\/div>\n\n\n\n<div class=\"wp-block-media-text is-stacked-on-mobile is-image-fill-element\"><figure class=\"wp-block-media-text__media\"><img decoding=\"async\" width=\"936\" height=\"624\" data-src=\"https:\/\/www.depistage-cancer.fr\/centre\/wp-content\/uploads\/2024\/04\/entreprise.webp\" alt=\"\" class=\"wp-image-2352 size-full lazyload\" style=\"--smush-placeholder-width: 936px; --smush-placeholder-aspect-ratio: 936\/624;object-position:34% 43%\" data-srcset=\"https:\/\/www.depistage-cancer.fr\/centre\/wp-content\/uploads\/2024\/04\/entreprise.webp 936w, https:\/\/www.depistage-cancer.fr\/centre\/wp-content\/uploads\/2024\/04\/entreprise-300x200.webp 300w, https:\/\/www.depistage-cancer.fr\/centre\/wp-content\/uploads\/2024\/04\/entreprise-768x512.webp 768w\" data-sizes=\"(max-width: 936px) 100vw, 936px\" src=\"data:image\/svg+xml;base64,PHN2ZyB3aWR0aD0iMSIgaGVpZ2h0PSIxIiB4bWxucz0iaHR0cDovL3d3dy53My5vcmcvMjAwMC9zdmciPjwvc3ZnPg==\" \/><\/figure><div class=\"wp-block-media-text__content\">\n<h4 class=\"wp-block-heading\">Des entreprises qui s\u2019engagent dans la promotion de la sant\u00e9 aupr\u00e8s de leurs salari\u00e9s.<\/h4>\n\n\n\n<p>KNDS France \u00e0 Bourges et KNDS Ammo France \u00e0 La Chapelle St Ursin nous ont sollicit\u00e9 pour faire une action de sensibilisation sur la pr\u00e9vention du cancer du col de l\u2019ut\u00e9rus avec un abord sur le papillomavirus. Cet \u00e9change engag\u00e9 avec les salari\u00e9s sur le temps de travail a permis de comprendre ce qu\u2019\u00e9tait ce virus, l\u2019importance de son d\u00e9pistage et ses \u00e9ch\u00e9ances, la vaccination HPV propos\u00e9e aux enfants.<\/p>\n\n\n\n<p>L\u2019action a eu lieu autour d\u2019un petit d\u00e9jeuner. 22 personnes ont pu \u00eatre sensibilis\u00e9es.<\/p>\n<\/div><\/div>\n\n\n\n<p><strong>Au total en 2023, les charg\u00e9es de pr\u00e9vention sont intervenues dans 66 entreprises de la r\u00e9gion et plus de 2000 personnes ont pu \u00eatre sensibilis\u00e9es.<\/strong><\/p>\n\n\n\n<div style=\"height:24px\" aria-hidden=\"true\" class=\"wp-block-spacer\"><\/div>\n\n\n\n<hr class=\"wp-block-separator has-alpha-channel-opacity\"\/>\n\n\n\n<h3 class=\"wp-block-heading\">Action de promotion des d\u00e9pistages<\/h3>\n\n\n\n<p>Vous souhaitez mettre en place une action de promotion des d\u00e9pistages des cancers sur votre territoire&nbsp;: CLS, CPTS, commune, communaut\u00e9 de communes\u2026 ?<\/p>\n\n\n\n<p>Les charg\u00e9es de pr\u00e9vention peuvent apporter une aide m\u00e9thodologique pour construire votre projet en lien avec les acteurs du territoire.<\/p>\n\n\n\n<h4 class=\"wp-block-heading\">Exemples de fiche action<\/h4>\n\n\n<div class=\"uk-child-width-1-2@m\" uk-grid><div class=\"ressource-item\">\n    <div class=\"uk-card ressource \">\n        \n\n\n        <a class=\"uk-flex uk-flex-middle\" href=\"https:\/\/www.depistage-cancer.fr\/centre\/wp-content\/uploads\/2025\/11\/2025_REGION_Fiche-action-Journee-frottis.pdf\" target=\"_blank\">\n            <div class=\"uk-card-media-left uk-cover-container\">\n                                    <img decoding=\"async\" width=\"640\" height=\"698\" data-src=\"https:\/\/www.depistage-cancer.fr\/centre\/wp-content\/uploads\/2025\/11\/Image-MEA_FA_Journee-Frottis.png\" class=\"attachment-large size-large wp-post-image lazyload\" alt=\"\" data-srcset=\"https:\/\/www.depistage-cancer.fr\/centre\/wp-content\/uploads\/2025\/11\/Image-MEA_FA_Journee-Frottis.png 865w, https:\/\/www.depistage-cancer.fr\/centre\/wp-content\/uploads\/2025\/11\/Image-MEA_FA_Journee-Frottis-275x300.png 275w, https:\/\/www.depistage-cancer.fr\/centre\/wp-content\/uploads\/2025\/11\/Image-MEA_FA_Journee-Frottis-768x838.png 768w\" data-sizes=\"(max-width: 640px) 100vw, 640px\" src=\"data:image\/svg+xml;base64,PHN2ZyB3aWR0aD0iMSIgaGVpZ2h0PSIxIiB4bWxucz0iaHR0cDovL3d3dy53My5vcmcvMjAwMC9zdmciPjwvc3ZnPg==\" style=\"--smush-placeholder-width: 640px; --smush-placeholder-aspect-ratio: 640\/698;\" \/>                            <\/div>\n            <div class=\"uk-card-body\">\n                <div>\n                    <h3>Fiche action &#8211; Journ\u00e9e Frottis<\/h3>\n                    <div><\/div>\n                <\/div>\n                <div>\n                                            <div class=\"uk-flex uk-flex-wrap uk-margin-bottom badges\">\n                                                                                                <span class=\"uk-badge uk-margin-small-right\">Autres<\/span>\n                                                            \n                                                                                                <span class=\"uk-badge uk-margin-small-right\">Partenaires<\/span>\n                                                                                    <\/div>\n                <\/div>\n                        <\/div>\n        <\/a>\n    <\/div>\n<\/div><div class=\"ressource-item\">\n    <div class=\"uk-card ressource \">\n        \n\n\n        <a class=\"uk-flex uk-flex-middle\" href=\"https:\/\/www.depistage-cancer.fr\/centre\/wp-content\/uploads\/2025\/11\/FICHE-ACTION-ESAT_2025.pdf\" target=\"_blank\">\n            <div class=\"uk-card-media-left uk-cover-container\">\n                                    <img decoding=\"async\" width=\"640\" height=\"669\" data-src=\"https:\/\/www.depistage-cancer.fr\/centre\/wp-content\/uploads\/2025\/11\/Image-MEA_FA_Intervention-travailleurs-ESAT.png\" class=\"attachment-large size-large wp-post-image lazyload\" alt=\"\" data-srcset=\"https:\/\/www.depistage-cancer.fr\/centre\/wp-content\/uploads\/2025\/11\/Image-MEA_FA_Intervention-travailleurs-ESAT.png 903w, https:\/\/www.depistage-cancer.fr\/centre\/wp-content\/uploads\/2025\/11\/Image-MEA_FA_Intervention-travailleurs-ESAT-287x300.png 287w, https:\/\/www.depistage-cancer.fr\/centre\/wp-content\/uploads\/2025\/11\/Image-MEA_FA_Intervention-travailleurs-ESAT-768x803.png 768w\" data-sizes=\"(max-width: 640px) 100vw, 640px\" src=\"data:image\/svg+xml;base64,PHN2ZyB3aWR0aD0iMSIgaGVpZ2h0PSIxIiB4bWxucz0iaHR0cDovL3d3dy53My5vcmcvMjAwMC9zdmciPjwvc3ZnPg==\" style=\"--smush-placeholder-width: 640px; --smush-placeholder-aspect-ratio: 640\/669;\" \/>                            <\/div>\n            <div class=\"uk-card-body\">\n                <div>\n                    <h3>Fiche action &#8211; Intervention aupr\u00e8s de travailleurs en ESAT<\/h3>\n                    <div><\/div>\n                <\/div>\n                <div>\n                                            <div class=\"uk-flex uk-flex-wrap uk-margin-bottom badges\">\n                                                                                                <span class=\"uk-badge uk-margin-small-right\">Autres<\/span>\n                                                            \n                                                                                                <span class=\"uk-badge uk-margin-small-right\">Partenaires<\/span>\n                                                                                    <\/div>\n                <\/div>\n                        <\/div>\n        <\/a>\n    <\/div>\n<\/div><div class=\"ressource-item\">\n    <div class=\"uk-card ressource \">\n        \n\n\n        <a class=\"uk-flex uk-flex-middle\" href=\"https:\/\/www.depistage-cancer.fr\/centre\/wp-content\/uploads\/2024\/04\/Fiche-Action-rapide.pdf\" target=\"_blank\">\n            <div class=\"uk-card-media-left uk-cover-container\">\n                                    <img decoding=\"async\" width=\"425\" height=\"600\" data-src=\"https:\/\/www.depistage-cancer.fr\/centre\/wp-content\/uploads\/2024\/04\/Fiche-Action-rapide.jpg\" class=\"attachment-large size-large wp-post-image lazyload\" alt=\"Fiche action rapide - CRCDC Centre Val de Loire\" data-srcset=\"https:\/\/www.depistage-cancer.fr\/centre\/wp-content\/uploads\/2024\/04\/Fiche-Action-rapide.jpg 425w, https:\/\/www.depistage-cancer.fr\/centre\/wp-content\/uploads\/2024\/04\/Fiche-Action-rapide-213x300.jpg 213w\" data-sizes=\"(max-width: 425px) 100vw, 425px\" src=\"data:image\/svg+xml;base64,PHN2ZyB3aWR0aD0iMSIgaGVpZ2h0PSIxIiB4bWxucz0iaHR0cDovL3d3dy53My5vcmcvMjAwMC9zdmciPjwvc3ZnPg==\" style=\"--smush-placeholder-width: 425px; --smush-placeholder-aspect-ratio: 425\/600;\" \/>                            <\/div>\n            <div class=\"uk-card-body\">\n                <div>\n                    <h3>Fiche action &#8211; Journ\u00e9e pr\u00e9vention et d\u00e9pistage<\/h3>\n                    <div><\/div>\n                <\/div>\n                <div>\n                                            <div class=\"uk-flex uk-flex-wrap uk-margin-bottom badges\">\n                                                                                                <span class=\"uk-badge uk-margin-small-right\">Autres<\/span>\n                                                            \n                                                                                                <span class=\"uk-badge uk-margin-small-right\">Partenaires<\/span>\n                                                                                    <\/div>\n                <\/div>\n                        <\/div>\n        <\/a>\n    <\/div>\n<\/div><\/div>\n\n\n\n<div style=\"height:24px\" aria-hidden=\"true\" class=\"wp-block-spacer\"><\/div>\n\n\n\n<hr class=\"wp-block-separator has-alpha-channel-opacity\"\/>\n\n\n\n<h2 class=\"wp-block-heading\">Nos outils&nbsp;<\/h2>\n\n\n\n<ul class=\"wp-block-list\">\n<li>Les supports de communication \u00e9labor\u00e9s au niveau national par l\u2019Institut National du Cancer. Pour t\u00e9l\u00e9charger ou commander gratuitement ces supports&nbsp;: <a href=\"https:\/\/www.e-cancer.fr\/Expertises-et-publications\/Catalogue-des-publications\" target=\"_blank\" rel=\"noreferrer noopener nofollow\">https:\/\/www.e-cancer.fr\/Expertises-et-publications\/Catalogue-des-publications<\/a>&nbsp;<\/li>\n\n\n\n<li>Le CRCDC a \u00e9labor\u00e9 des outils d\u2019animation pour des ateliers collectifs. Ces outils permettent d\u2019aborder la pr\u00e9vention primaire et les trois programmes de d\u00e9pistage en mobilisant les comp\u00e9tences psychosociales.<\/li>\n\n\n\n<li>Les charg\u00e9es de pr\u00e9vention peuvent remettre aux personnes des documents permettant un acc\u00e8s aux examens de d\u00e9pistage apr\u00e8s v\u00e9rification de leur \u00e9ligibilit\u00e9.<\/li>\n<\/ul>\n\n\n\n<figure class=\"wp-block-image size-large\"><img decoding=\"async\" width=\"1024\" height=\"575\" data-src=\"https:\/\/www.depistage-cancer.fr\/centre\/wp-content\/uploads\/2024\/04\/outils-1024x575.webp\" alt=\"\" class=\"wp-image-2359 lazyload\" data-srcset=\"https:\/\/www.depistage-cancer.fr\/centre\/wp-content\/uploads\/2024\/04\/outils-1024x575.webp 1024w, https:\/\/www.depistage-cancer.fr\/centre\/wp-content\/uploads\/2024\/04\/outils-300x169.webp 300w, https:\/\/www.depistage-cancer.fr\/centre\/wp-content\/uploads\/2024\/04\/outils-768x431.webp 768w, https:\/\/www.depistage-cancer.fr\/centre\/wp-content\/uploads\/2024\/04\/outils.webp 1280w\" data-sizes=\"(max-width: 1024px) 100vw, 1024px\" src=\"data:image\/svg+xml;base64,PHN2ZyB3aWR0aD0iMSIgaGVpZ2h0PSIxIiB4bWxucz0iaHR0cDovL3d3dy53My5vcmcvMjAwMC9zdmciPjwvc3ZnPg==\" style=\"--smush-placeholder-width: 1024px; --smush-placeholder-aspect-ratio: 1024\/575;\" \/><\/figure>\n\n\n\n<p><strong>Vous pouvez contacter la charg\u00e9e de pr\u00e9vention et de sant\u00e9 publique de votre d\u00e9partement&nbsp;depuis <a href=\"http:\/\/prodisf.fr\/crcdc\/contact#partenaire\">la page contact<\/a>.<\/strong><\/p>\n","protected":false},"excerpt":{"rendered":"<p>Le CRCDC a pour mission la promotion des programmes de d\u00e9pistage organis\u00e9 des cancers. Il m\u00e8ne en lien avec les partenaires, acteurs locaux et acteurs institutionnels, des actions de lutte [&hellip;]<\/p>\n","protected":false},"author":1,"featured_media":0,"parent":0,"menu_order":0,"comment_status":"closed","ping_status":"closed","template":"","meta":{"_acf_changed":false,"inline_featured_image":false,"footnotes":""},"class_list":["post-23","page","type-page","status-publish","hentry"],"acf":[],"yoast_head":"<!-- This site is optimized with the Yoast SEO plugin v27.5 - https:\/\/yoast.com\/product\/yoast-seo-wordpress\/ -->\n<title>Espace partenaire - Centre de coordination Centre Val de Loire - D\u00e9pistage des cancers<\/title>\n<meta name=\"description\" content=\"Acc\u00e9dez \u00e0 l&#039;Espace Partenaire du CRCDC Centre Val de Loire. Trouvez des ressources, des outils et des informations pour collaborer.\" \/>\n<meta name=\"robots\" content=\"index, follow, max-snippet:-1, max-image-preview:large, max-video-preview:-1\" \/>\n<link rel=\"canonical\" href=\"https:\/\/www.depistage-cancer.fr\/centre\/espace-partenaire\/\" \/>\n<meta property=\"og:locale\" content=\"fr_FR\" \/>\n<meta property=\"og:type\" content=\"article\" \/>\n<meta property=\"og:title\" content=\"Espace partenaire - Centre de coordination Centre Val de Loire - D\u00e9pistage des cancers\" \/>\n<meta property=\"og:description\" content=\"Acc\u00e9dez \u00e0 l&#039;Espace Partenaire du CRCDC Centre Val de Loire. Trouvez des ressources, des outils et des informations pour collaborer.\" \/>\n<meta property=\"og:url\" content=\"https:\/\/www.depistage-cancer.fr\/centre\/espace-partenaire\/\" \/>\n<meta property=\"og:site_name\" content=\"Centre de coordination Centre Val de Loire - D\u00e9pistage des cancers\" \/>\n<meta property=\"article:publisher\" content=\"https:\/\/www.facebook.com\/Depistagedescancers.CVL\" \/>\n<meta property=\"article:modified_time\" content=\"2025-11-19T09:54:40+00:00\" \/>\n<meta property=\"og:image\" content=\"https:\/\/www.depistage-cancer.fr\/centre\/wp-content\/uploads\/2024\/04\/EquipeCPSP.webp\" \/>\n\t<meta property=\"og:image:width\" content=\"640\" \/>\n\t<meta property=\"og:image:height\" content=\"480\" \/>\n\t<meta property=\"og:image:type\" content=\"image\/webp\" \/>\n<meta name=\"twitter:card\" content=\"summary_large_image\" \/>\n<meta name=\"twitter:label1\" content=\"Dur\u00e9e de lecture estim\u00e9e\" \/>\n\t<meta name=\"twitter:data1\" content=\"6 minutes\" \/>\n<script type=\"application\/ld+json\" class=\"yoast-schema-graph\">{\"@context\":\"https:\\\/\\\/schema.org\",\"@graph\":[{\"@type\":\"WebPage\",\"@id\":\"https:\\\/\\\/www.depistage-cancer.fr\\\/centre\\\/espace-partenaire\\\/\",\"url\":\"https:\\\/\\\/www.depistage-cancer.fr\\\/centre\\\/espace-partenaire\\\/\",\"name\":\"Espace partenaire - Centre de coordination Centre Val de Loire - D\u00e9pistage des cancers\",\"isPartOf\":{\"@id\":\"https:\\\/\\\/www.depistage-cancer.fr\\\/centre\\\/#website\"},\"primaryImageOfPage\":{\"@id\":\"https:\\\/\\\/www.depistage-cancer.fr\\\/centre\\\/espace-partenaire\\\/#primaryimage\"},\"image\":{\"@id\":\"https:\\\/\\\/www.depistage-cancer.fr\\\/centre\\\/espace-partenaire\\\/#primaryimage\"},\"thumbnailUrl\":\"https:\\\/\\\/www.depistage-cancer.fr\\\/centre\\\/wp-content\\\/uploads\\\/2024\\\/04\\\/EquipeCPSP.webp\",\"datePublished\":\"2024-02-16T11:54:39+00:00\",\"dateModified\":\"2025-11-19T09:54:40+00:00\",\"description\":\"Acc\u00e9dez \u00e0 l'Espace Partenaire du CRCDC Centre Val de Loire. Trouvez des ressources, des outils et des informations pour collaborer.\",\"breadcrumb\":{\"@id\":\"https:\\\/\\\/www.depistage-cancer.fr\\\/centre\\\/espace-partenaire\\\/#breadcrumb\"},\"inLanguage\":\"fr-FR\",\"potentialAction\":[{\"@type\":\"ReadAction\",\"target\":[\"https:\\\/\\\/www.depistage-cancer.fr\\\/centre\\\/espace-partenaire\\\/\"]}]},{\"@type\":\"ImageObject\",\"inLanguage\":\"fr-FR\",\"@id\":\"https:\\\/\\\/www.depistage-cancer.fr\\\/centre\\\/espace-partenaire\\\/#primaryimage\",\"url\":\"https:\\\/\\\/www.depistage-cancer.fr\\\/centre\\\/wp-content\\\/uploads\\\/2024\\\/04\\\/EquipeCPSP.webp\",\"contentUrl\":\"https:\\\/\\\/www.depistage-cancer.fr\\\/centre\\\/wp-content\\\/uploads\\\/2024\\\/04\\\/EquipeCPSP.webp\",\"width\":640,\"height\":480,\"caption\":\"\u00c9quipe - CRCDC Centre Val de Loire\"},{\"@type\":\"BreadcrumbList\",\"@id\":\"https:\\\/\\\/www.depistage-cancer.fr\\\/centre\\\/espace-partenaire\\\/#breadcrumb\",\"itemListElement\":[{\"@type\":\"ListItem\",\"position\":1,\"name\":\"Accueil\",\"item\":\"https:\\\/\\\/www.depistage-cancer.fr\\\/centre\\\/\"},{\"@type\":\"ListItem\",\"position\":2,\"name\":\"Espace partenaire\"}]},{\"@type\":\"WebSite\",\"@id\":\"https:\\\/\\\/www.depistage-cancer.fr\\\/centre\\\/#website\",\"url\":\"https:\\\/\\\/www.depistage-cancer.fr\\\/centre\\\/\",\"name\":\"Centre de coordination Centre Val de Loire - D\u00e9pistage des cancers\",\"description\":\"D\u00e9pister, c&#039;est prot\u00e9ger !\",\"publisher\":{\"@id\":\"https:\\\/\\\/www.depistage-cancer.fr\\\/centre\\\/#organization\"},\"alternateName\":\"CRCDC Centre Val de Loire\",\"potentialAction\":[{\"@type\":\"SearchAction\",\"target\":{\"@type\":\"EntryPoint\",\"urlTemplate\":\"https:\\\/\\\/www.depistage-cancer.fr\\\/centre\\\/?s={search_term_string}\"},\"query-input\":{\"@type\":\"PropertyValueSpecification\",\"valueRequired\":true,\"valueName\":\"search_term_string\"}}],\"inLanguage\":\"fr-FR\"},{\"@type\":\"Organization\",\"@id\":\"https:\\\/\\\/www.depistage-cancer.fr\\\/centre\\\/#organization\",\"name\":\"Centre de coordination Centre Val de Loire - D\u00e9pistage des cancers\",\"alternateName\":\"CRCDC Centre Val de Loire\",\"url\":\"https:\\\/\\\/www.depistage-cancer.fr\\\/centre\\\/\",\"logo\":{\"@type\":\"ImageObject\",\"inLanguage\":\"fr-FR\",\"@id\":\"https:\\\/\\\/www.depistage-cancer.fr\\\/centre\\\/#\\\/schema\\\/logo\\\/image\\\/\",\"url\":\"https:\\\/\\\/www.depistage-cancer.fr\\\/centre\\\/wp-content\\\/uploads\\\/2024\\\/02\\\/logo-crcdc-cvl.webp\",\"contentUrl\":\"https:\\\/\\\/www.depistage-cancer.fr\\\/centre\\\/wp-content\\\/uploads\\\/2024\\\/02\\\/logo-crcdc-cvl.webp\",\"width\":491,\"height\":238,\"caption\":\"Centre de coordination Centre Val de Loire - D\u00e9pistage des cancers\"},\"image\":{\"@id\":\"https:\\\/\\\/www.depistage-cancer.fr\\\/centre\\\/#\\\/schema\\\/logo\\\/image\\\/\"},\"sameAs\":[\"https:\\\/\\\/www.facebook.com\\\/Depistagedescancers.CVL\",\"https:\\\/\\\/www.youtube.com\\\/@crcdccentre-valdeloire8386\"]}]}<\/script>\n<!-- \/ Yoast SEO plugin. -->","yoast_head_json":{"title":"Espace partenaire - Centre de coordination Centre Val de Loire - D\u00e9pistage des cancers","description":"Acc\u00e9dez \u00e0 l'Espace Partenaire du CRCDC Centre Val de Loire. Trouvez des ressources, des outils et des informations pour collaborer.","robots":{"index":"index","follow":"follow","max-snippet":"max-snippet:-1","max-image-preview":"max-image-preview:large","max-video-preview":"max-video-preview:-1"},"canonical":"https:\/\/www.depistage-cancer.fr\/centre\/espace-partenaire\/","og_locale":"fr_FR","og_type":"article","og_title":"Espace partenaire - Centre de coordination Centre Val de Loire - D\u00e9pistage des cancers","og_description":"Acc\u00e9dez \u00e0 l'Espace Partenaire du CRCDC Centre Val de Loire. Trouvez des ressources, des outils et des informations pour collaborer.","og_url":"https:\/\/www.depistage-cancer.fr\/centre\/espace-partenaire\/","og_site_name":"Centre de coordination Centre Val de Loire - D\u00e9pistage des cancers","article_publisher":"https:\/\/www.facebook.com\/Depistagedescancers.CVL","article_modified_time":"2025-11-19T09:54:40+00:00","og_image":[{"width":640,"height":480,"url":"https:\/\/www.depistage-cancer.fr\/centre\/wp-content\/uploads\/2024\/04\/EquipeCPSP.webp","type":"image\/webp"}],"twitter_card":"summary_large_image","twitter_misc":{"Dur\u00e9e de lecture estim\u00e9e":"6 minutes"},"schema":{"@context":"https:\/\/schema.org","@graph":[{"@type":"WebPage","@id":"https:\/\/www.depistage-cancer.fr\/centre\/espace-partenaire\/","url":"https:\/\/www.depistage-cancer.fr\/centre\/espace-partenaire\/","name":"Espace partenaire - Centre de coordination Centre Val de Loire - D\u00e9pistage des cancers","isPartOf":{"@id":"https:\/\/www.depistage-cancer.fr\/centre\/#website"},"primaryImageOfPage":{"@id":"https:\/\/www.depistage-cancer.fr\/centre\/espace-partenaire\/#primaryimage"},"image":{"@id":"https:\/\/www.depistage-cancer.fr\/centre\/espace-partenaire\/#primaryimage"},"thumbnailUrl":"https:\/\/www.depistage-cancer.fr\/centre\/wp-content\/uploads\/2024\/04\/EquipeCPSP.webp","datePublished":"2024-02-16T11:54:39+00:00","dateModified":"2025-11-19T09:54:40+00:00","description":"Acc\u00e9dez \u00e0 l'Espace Partenaire du CRCDC Centre Val de Loire. Trouvez des ressources, des outils et des informations pour collaborer.","breadcrumb":{"@id":"https:\/\/www.depistage-cancer.fr\/centre\/espace-partenaire\/#breadcrumb"},"inLanguage":"fr-FR","potentialAction":[{"@type":"ReadAction","target":["https:\/\/www.depistage-cancer.fr\/centre\/espace-partenaire\/"]}]},{"@type":"ImageObject","inLanguage":"fr-FR","@id":"https:\/\/www.depistage-cancer.fr\/centre\/espace-partenaire\/#primaryimage","url":"https:\/\/www.depistage-cancer.fr\/centre\/wp-content\/uploads\/2024\/04\/EquipeCPSP.webp","contentUrl":"https:\/\/www.depistage-cancer.fr\/centre\/wp-content\/uploads\/2024\/04\/EquipeCPSP.webp","width":640,"height":480,"caption":"\u00c9quipe - CRCDC Centre Val de Loire"},{"@type":"BreadcrumbList","@id":"https:\/\/www.depistage-cancer.fr\/centre\/espace-partenaire\/#breadcrumb","itemListElement":[{"@type":"ListItem","position":1,"name":"Accueil","item":"https:\/\/www.depistage-cancer.fr\/centre\/"},{"@type":"ListItem","position":2,"name":"Espace partenaire"}]},{"@type":"WebSite","@id":"https:\/\/www.depistage-cancer.fr\/centre\/#website","url":"https:\/\/www.depistage-cancer.fr\/centre\/","name":"Centre de coordination Centre Val de Loire - D\u00e9pistage des cancers","description":"D\u00e9pister, c&#039;est prot\u00e9ger !","publisher":{"@id":"https:\/\/www.depistage-cancer.fr\/centre\/#organization"},"alternateName":"CRCDC Centre Val de Loire","potentialAction":[{"@type":"SearchAction","target":{"@type":"EntryPoint","urlTemplate":"https:\/\/www.depistage-cancer.fr\/centre\/?s={search_term_string}"},"query-input":{"@type":"PropertyValueSpecification","valueRequired":true,"valueName":"search_term_string"}}],"inLanguage":"fr-FR"},{"@type":"Organization","@id":"https:\/\/www.depistage-cancer.fr\/centre\/#organization","name":"Centre de coordination Centre Val de Loire - D\u00e9pistage des cancers","alternateName":"CRCDC Centre Val de Loire","url":"https:\/\/www.depistage-cancer.fr\/centre\/","logo":{"@type":"ImageObject","inLanguage":"fr-FR","@id":"https:\/\/www.depistage-cancer.fr\/centre\/#\/schema\/logo\/image\/","url":"https:\/\/www.depistage-cancer.fr\/centre\/wp-content\/uploads\/2024\/02\/logo-crcdc-cvl.webp","contentUrl":"https:\/\/www.depistage-cancer.fr\/centre\/wp-content\/uploads\/2024\/02\/logo-crcdc-cvl.webp","width":491,"height":238,"caption":"Centre de coordination Centre Val de Loire - D\u00e9pistage des cancers"},"image":{"@id":"https:\/\/www.depistage-cancer.fr\/centre\/#\/schema\/logo\/image\/"},"sameAs":["https:\/\/www.facebook.com\/Depistagedescancers.CVL","https:\/\/www.youtube.com\/@crcdccentre-valdeloire8386"]}]}},"_links":{"self":[{"href":"https:\/\/www.depistage-cancer.fr\/centre\/wp-json\/wp\/v2\/pages\/23","targetHints":{"allow":["GET"]}}],"collection":[{"href":"https:\/\/www.depistage-cancer.fr\/centre\/wp-json\/wp\/v2\/pages"}],"about":[{"href":"https:\/\/www.depistage-cancer.fr\/centre\/wp-json\/wp\/v2\/types\/page"}],"author":[{"embeddable":true,"href":"https:\/\/www.depistage-cancer.fr\/centre\/wp-json\/wp\/v2\/users\/1"}],"replies":[{"embeddable":true,"href":"https:\/\/www.depistage-cancer.fr\/centre\/wp-json\/wp\/v2\/comments?post=23"}],"version-history":[{"count":75,"href":"https:\/\/www.depistage-cancer.fr\/centre\/wp-json\/wp\/v2\/pages\/23\/revisions"}],"predecessor-version":[{"id":4589,"href":"https:\/\/www.depistage-cancer.fr\/centre\/wp-json\/wp\/v2\/pages\/23\/revisions\/4589"}],"wp:attachment":[{"href":"https:\/\/www.depistage-cancer.fr\/centre\/wp-json\/wp\/v2\/media?parent=23"}],"curies":[{"name":"wp","href":"https:\/\/api.w.org\/{rel}","templated":true}]}}